{"id":2310,"date":"2020-03-19T11:12:33","date_gmt":"2020-03-19T15:12:33","guid":{"rendered":"https:\/\/www.prima.ca\/evenement\/mcgill-molecular-science-mini-meeting-informally-mms\/"},"modified":"2020-03-19T11:12:33","modified_gmt":"2020-03-19T15:12:33","slug":"mcgill-molecular-science-mini-meeting-informally-mms","status":"publish","type":"tribe_events","link":"https:\/\/www.prima.ca\/en\/evenement\/mcgill-molecular-science-mini-meeting-informally-mms\/","title":{"rendered":"McGill Molecular Science Mini-Meeting (informally &#8216;M&#038;MS&#8217;)"},"content":{"rendered":"<div id=\"content\" class=\"column\" role=\"main\">\n<div class=\"wrapper_content\">\n<div class=\"ds-1col node node-evenement view-mode-full clearfix\">\n<div class=\"field field-name-body field-type-text-with-summary field-label-hidden\">\n<div class=\"field-items\">\n<div class=\"field-item even\">\n<p>Les\u00a0<strong><a href=\"https:\/\/www.siminegroup.ca\/mms\" target=\"_blank\" rel=\"noopener noreferrer\">McGill Molecular Science Mini-Meeting (informally &#8216;M&amp;MS&#8217;)<\/a><\/strong>\u00a0rassemblent d\u2019importants conf\u00e9renciers annuellement au d\u00e9but de juin. La premi\u00e8re rencontre aura lieu du 1er au 3 juin prochain au d\u00e9partement de chimie de l\u2019universit\u00e9 McGill. Pour plus d\u2019information et vous inscrire, consultez le\u00a0<strong><a href=\"https:\/\/www.siminegroup.ca\/mms\" target=\"_blank\" rel=\"noopener noreferrer\">lien suivant<\/a><\/strong>.<\/p>\n<p>Confirmed invited speakers:<\/p>\n<p>Alan Aspuru-Guzik (UofT, theory), Eric Bittner (UofHouston, theory), Amy Blum (McGill, experiment), Doran Bennet (Southern Methodist U, theory), Jean-Luc Bredas (UofArisona, theory), Fabio Cicoira (Polytechnique Montreal, experiment), Richard Hildner (UofGroningen, experiment), Zhenfei Liu (Wayne State, theory), Noa Marom (Carnegie Melon, theory), Irina Paci (UofVictoria, theory), Dima Perepichka (McGill, experiment), Peter Rossky (Rice, theory), Alberto Salleo (Stanford, experiment), Ben Schwartz (UCLA, experiment), Gabriela Schlau-Cohen (MIT, experiment), Dvira Segal (UofT, theory), Ted Sargent (UofT, experiment), Carlos Silva (Georgia Tech, experiment), Jean Michel Sellier (MILA, theory), Natalie Stingelin (Georgia Tech, experiment), Oren Tal (Weizmann, experiment), Adam Willard (MIT, theory).<\/p>\n<\/div>\n<\/div>\n<\/div>\n<\/div>\n<\/div>\n<\/div>\n<aside class=\"sidebar_second\">\n<section class=\"region region-sidebar-second column sidebar\">\n<div id=\"block-block-5\" class=\"block block-block block-become-membre first odd\"><\/div>\n<\/section>\n<\/aside>\n","protected":false},"excerpt":{"rendered":"<p>Les\u00a0McGill Molecular Science Mini-Meeting (informally &#8216;M&amp;MS&#8217;)\u00a0rassemblent d\u2019importants conf\u00e9renciers annuellement au d\u00e9but de juin. La premi\u00e8re rencontre aura lieu du 1er au 3 juin prochain au d\u00e9partement de chimie de l\u2019universit\u00e9 [&hellip;]<\/p>\n","protected":false},"author":1,"featured_media":0,"comment_status":"closed","ping_status":"closed","template":"","meta":{"_et_pb_use_builder":"","_et_pb_old_content":"","_et_gb_content_width":"","_tribe_events_status":"","_tribe_events_status_reason":"","footnotes":""},"tags":[],"tribe_events_cat":[],"class_list":["post-2310","tribe_events","type-tribe_events","status-publish","hentry"],"acf":[],"yoast_head":"<!-- This site is optimized with the Yoast SEO plugin v27.1.1 - https:\/\/yoast.com\/product\/yoast-seo-wordpress\/ -->\n<title>McGill Molecular Science Mini-Meeting (informally &#039;M&amp;MS&#039;) | PRIMA Qu\u00e9bec<\/title>\n<meta name=\"robots\" content=\"index, follow, max-snippet:-1, max-image-preview:large, max-video-preview:-1\" \/>\n<link rel=\"canonical\" href=\"https:\/\/www.prima.ca\/en\/evenement\/mcgill-molecular-science-mini-meeting-informally-mms\/\" \/>\n<meta property=\"og:locale\" content=\"en_US\" \/>\n<meta property=\"og:type\" content=\"article\" \/>\n<meta property=\"og:title\" content=\"McGill Molecular Science Mini-Meeting (informally &#039;M&amp;MS&#039;) | PRIMA Qu\u00e9bec\" \/>\n<meta property=\"og:description\" content=\"Les\u00a0McGill Molecular Science Mini-Meeting (informally &#8216;M&amp;MS&#8217;)\u00a0rassemblent d\u2019importants conf\u00e9renciers annuellement au d\u00e9but de juin. La premi\u00e8re rencontre aura lieu du 1er au 3 juin prochain au d\u00e9partement de chimie de l\u2019universit\u00e9 [&hellip;]\" \/>\n<meta property=\"og:url\" content=\"https:\/\/www.prima.ca\/en\/evenement\/mcgill-molecular-science-mini-meeting-informally-mms\/\" \/>\n<meta property=\"og:site_name\" content=\"PRIMA Qu\u00e9bec\" \/>\n<meta property=\"og:image\" content=\"https:\/\/www.prima.ca\/wp-content\/uploads\/2020\/04\/prima-preview-site.jpg\" \/>\n\t<meta property=\"og:image:width\" content=\"1200\" \/>\n\t<meta property=\"og:image:height\" content=\"630\" \/>\n\t<meta property=\"og:image:type\" content=\"image\/jpeg\" \/>\n<meta name=\"twitter:card\" content=\"summary_large_image\" \/>\n<meta name=\"twitter:site\" content=\"@primaquebec\" \/>\n<meta name=\"twitter:label1\" content=\"Est. reading time\" \/>\n\t<meta name=\"twitter:data1\" content=\"1 minute\" \/>\n<script type=\"application\/ld+json\" class=\"yoast-schema-graph\">{\"@context\":\"https:\/\/schema.org\",\"@graph\":[{\"@type\":\"WebPage\",\"@id\":\"https:\/\/www.prima.ca\/en\/evenement\/mcgill-molecular-science-mini-meeting-informally-mms\/\",\"url\":\"https:\/\/www.prima.ca\/en\/evenement\/mcgill-molecular-science-mini-meeting-informally-mms\/\",\"name\":\"McGill Molecular Science Mini-Meeting (informally 'M&MS') | PRIMA Qu\u00e9bec\",\"isPartOf\":{\"@id\":\"https:\/\/www.prima.ca\/en\/#website\"},\"datePublished\":\"2020-03-19T15:12:33+00:00\",\"breadcrumb\":{\"@id\":\"https:\/\/www.prima.ca\/en\/evenement\/mcgill-molecular-science-mini-meeting-informally-mms\/#breadcrumb\"},\"inLanguage\":\"en-US\",\"potentialAction\":[{\"@type\":\"ReadAction\",\"target\":[\"https:\/\/www.prima.ca\/en\/evenement\/mcgill-molecular-science-mini-meeting-informally-mms\/\"]}]},{\"@type\":\"BreadcrumbList\",\"@id\":\"https:\/\/www.prima.ca\/en\/evenement\/mcgill-molecular-science-mini-meeting-informally-mms\/#breadcrumb\",\"itemListElement\":[{\"@type\":\"ListItem\",\"position\":1,\"name\":\"Accueil\",\"item\":\"https:\/\/www.prima.ca\/en\/\"},{\"@type\":\"ListItem\",\"position\":2,\"name\":\"Events\",\"item\":\"https:\/\/www.prima.ca\/en\/evenements\/\"},{\"@type\":\"ListItem\",\"position\":3,\"name\":\"McGill Molecular Science Mini-Meeting (informally &#8216;M&#038;MS&#8217;)\"}]},{\"@type\":\"WebSite\",\"@id\":\"https:\/\/www.prima.ca\/en\/#website\",\"url\":\"https:\/\/www.prima.ca\/en\/\",\"name\":\"PRIMA Qu\u00e9bec\",\"description\":\"Advanced Materials Moving Forward\",\"publisher\":{\"@id\":\"https:\/\/www.prima.ca\/en\/#organization\"},\"potentialAction\":[{\"@type\":\"SearchAction\",\"target\":{\"@type\":\"EntryPoint\",\"urlTemplate\":\"https:\/\/www.prima.ca\/en\/?s={search_term_string}\"},\"query-input\":{\"@type\":\"PropertyValueSpecification\",\"valueRequired\":true,\"valueName\":\"search_term_string\"}}],\"inLanguage\":\"en-US\"},{\"@type\":\"Organization\",\"@id\":\"https:\/\/www.prima.ca\/en\/#organization\",\"name\":\"PRIMA Qu\u00e9bec\",\"url\":\"https:\/\/www.prima.ca\/en\/\",\"logo\":{\"@type\":\"ImageObject\",\"inLanguage\":\"en-US\",\"@id\":\"https:\/\/www.prima.ca\/en\/#\/schema\/logo\/image\/\",\"url\":\"https:\/\/www.prima.ca\/wp-content\/uploads\/2020\/03\/logo-prima-large-fr.png\",\"contentUrl\":\"https:\/\/www.prima.ca\/wp-content\/uploads\/2020\/03\/logo-prima-large-fr.png\",\"width\":1200,\"height\":357,\"caption\":\"PRIMA Qu\u00e9bec\"},\"image\":{\"@id\":\"https:\/\/www.prima.ca\/en\/#\/schema\/logo\/image\/\"},\"sameAs\":[\"https:\/\/x.com\/primaquebec\",\"https:\/\/www.linkedin.com\/company\/prima-quebec\/\"]}]}<\/script>\n<!-- \/ Yoast SEO plugin. -->","yoast_head_json":{"title":"McGill Molecular Science Mini-Meeting (informally 'M&MS') | PRIMA Qu\u00e9bec","robots":{"index":"index","follow":"follow","max-snippet":"max-snippet:-1","max-image-preview":"max-image-preview:large","max-video-preview":"max-video-preview:-1"},"canonical":"https:\/\/www.prima.ca\/en\/evenement\/mcgill-molecular-science-mini-meeting-informally-mms\/","og_locale":"en_US","og_type":"article","og_title":"McGill Molecular Science Mini-Meeting (informally 'M&MS') | PRIMA Qu\u00e9bec","og_description":"Les\u00a0McGill Molecular Science Mini-Meeting (informally &#8216;M&amp;MS&#8217;)\u00a0rassemblent d\u2019importants conf\u00e9renciers annuellement au d\u00e9but de juin. La premi\u00e8re rencontre aura lieu du 1er au 3 juin prochain au d\u00e9partement de chimie de l\u2019universit\u00e9 [&hellip;]","og_url":"https:\/\/www.prima.ca\/en\/evenement\/mcgill-molecular-science-mini-meeting-informally-mms\/","og_site_name":"PRIMA Qu\u00e9bec","og_image":[{"width":1200,"height":630,"url":"https:\/\/www.prima.ca\/wp-content\/uploads\/2020\/04\/prima-preview-site.jpg","type":"image\/jpeg"}],"twitter_card":"summary_large_image","twitter_site":"@primaquebec","twitter_misc":{"Est. reading time":"1 minute"},"schema":{"@context":"https:\/\/schema.org","@graph":[{"@type":"WebPage","@id":"https:\/\/www.prima.ca\/en\/evenement\/mcgill-molecular-science-mini-meeting-informally-mms\/","url":"https:\/\/www.prima.ca\/en\/evenement\/mcgill-molecular-science-mini-meeting-informally-mms\/","name":"McGill Molecular Science Mini-Meeting (informally 'M&MS') | PRIMA Qu\u00e9bec","isPartOf":{"@id":"https:\/\/www.prima.ca\/en\/#website"},"datePublished":"2020-03-19T15:12:33+00:00","breadcrumb":{"@id":"https:\/\/www.prima.ca\/en\/evenement\/mcgill-molecular-science-mini-meeting-informally-mms\/#breadcrumb"},"inLanguage":"en-US","potentialAction":[{"@type":"ReadAction","target":["https:\/\/www.prima.ca\/en\/evenement\/mcgill-molecular-science-mini-meeting-informally-mms\/"]}]},{"@type":"BreadcrumbList","@id":"https:\/\/www.prima.ca\/en\/evenement\/mcgill-molecular-science-mini-meeting-informally-mms\/#breadcrumb","itemListElement":[{"@type":"ListItem","position":1,"name":"Accueil","item":"https:\/\/www.prima.ca\/en\/"},{"@type":"ListItem","position":2,"name":"Events","item":"https:\/\/www.prima.ca\/en\/evenements\/"},{"@type":"ListItem","position":3,"name":"McGill Molecular Science Mini-Meeting (informally &#8216;M&#038;MS&#8217;)"}]},{"@type":"WebSite","@id":"https:\/\/www.prima.ca\/en\/#website","url":"https:\/\/www.prima.ca\/en\/","name":"PRIMA Qu\u00e9bec","description":"Advanced Materials Moving Forward","publisher":{"@id":"https:\/\/www.prima.ca\/en\/#organization"},"potentialAction":[{"@type":"SearchAction","target":{"@type":"EntryPoint","urlTemplate":"https:\/\/www.prima.ca\/en\/?s={search_term_string}"},"query-input":{"@type":"PropertyValueSpecification","valueRequired":true,"valueName":"search_term_string"}}],"inLanguage":"en-US"},{"@type":"Organization","@id":"https:\/\/www.prima.ca\/en\/#organization","name":"PRIMA Qu\u00e9bec","url":"https:\/\/www.prima.ca\/en\/","logo":{"@type":"ImageObject","inLanguage":"en-US","@id":"https:\/\/www.prima.ca\/en\/#\/schema\/logo\/image\/","url":"https:\/\/www.prima.ca\/wp-content\/uploads\/2020\/03\/logo-prima-large-fr.png","contentUrl":"https:\/\/www.prima.ca\/wp-content\/uploads\/2020\/03\/logo-prima-large-fr.png","width":1200,"height":357,"caption":"PRIMA Qu\u00e9bec"},"image":{"@id":"https:\/\/www.prima.ca\/en\/#\/schema\/logo\/image\/"},"sameAs":["https:\/\/x.com\/primaquebec","https:\/\/www.linkedin.com\/company\/prima-quebec\/"]}]}},"_links":{"self":[{"href":"https:\/\/www.prima.ca\/en\/wp-json\/wp\/v2\/tribe_events\/2310","targetHints":{"allow":["GET"]}}],"collection":[{"href":"https:\/\/www.prima.ca\/en\/wp-json\/wp\/v2\/tribe_events"}],"about":[{"href":"https:\/\/www.prima.ca\/en\/wp-json\/wp\/v2\/types\/tribe_events"}],"author":[{"embeddable":true,"href":"https:\/\/www.prima.ca\/en\/wp-json\/wp\/v2\/users\/1"}],"replies":[{"embeddable":true,"href":"https:\/\/www.prima.ca\/en\/wp-json\/wp\/v2\/comments?post=2310"}],"version-history":[{"count":0,"href":"https:\/\/www.prima.ca\/en\/wp-json\/wp\/v2\/tribe_events\/2310\/revisions"}],"wp:attachment":[{"href":"https:\/\/www.prima.ca\/en\/wp-json\/wp\/v2\/media?parent=2310"}],"wp:term":[{"taxonomy":"post_tag","embeddable":true,"href":"https:\/\/www.prima.ca\/en\/wp-json\/wp\/v2\/tags?post=2310"},{"taxonomy":"tribe_events_cat","embeddable":true,"href":"https:\/\/www.prima.ca\/en\/wp-json\/wp\/v2\/tribe_events_cat?post=2310"}],"curies":[{"name":"wp","href":"https:\/\/api.w.org\/{rel}","templated":true}]}}