{"id":2306,"date":"2020-03-19T11:11:40","date_gmt":"2020-03-19T15:11:40","guid":{"rendered":"https:\/\/www.prima.ca\/evenement\/ampm2020-conference-sur-la-fabrication-additive-metallique\/"},"modified":"2020-03-19T11:11:40","modified_gmt":"2020-03-19T15:11:40","slug":"ampm2020-conference-sur-la-fabrication-additive-metallique","status":"publish","type":"tribe_events","link":"https:\/\/www.prima.ca\/en\/evenement\/ampm2020-conference-sur-la-fabrication-additive-metallique\/","title":{"rendered":"AMPM2020 : Conf\u00e9rence sur la fabrication additive m\u00e9tallique"},"content":{"rendered":"<p>La conf\u00e9rence qui aura lieu \u00e0 Montr\u00e9al du 27 juin au 1er juillet 2020 mettra de l\u2019avant des experts internationaux de l\u2019industrie qui pr\u00e9senteront les r\u00e9centes avanc\u00e9es dans ce domaine en pleine croissance. La conf\u00e9rence se d\u00e9roulera dans le cadre d\u2019un \u00e9v\u00e8nement mondial de l\u2019industrie de la m\u00e9tallurgie des poudres, le Congr\u00e8s mondial biennal sur la m\u00e9tallurgie des poudres et les mat\u00e9riaux particulaires (<strong><a href=\"https:\/\/www.mpif.org\/Events\/WorldPM2020.aspx\" target=\"_blank\" rel=\"noopener noreferrer\">WorldPM2020<\/a><\/strong>). Pour plus de d\u00e9tails, consultez le<strong>\u00a0<a href=\"https:\/\/www.mpif.org\/Events\/AMPM2020.aspx\" target=\"_blank\" rel=\"noopener noreferrer\">lien suivant<\/a><\/strong>.<\/p>\n","protected":false},"excerpt":{"rendered":"<p>La conf\u00e9rence qui aura lieu \u00e0 Montr\u00e9al du 27 juin au 1er juillet 2020 mettra de l\u2019avant des experts internationaux de l\u2019industrie qui pr\u00e9senteront les r\u00e9centes avanc\u00e9es dans ce domaine [&hellip;]<\/p>\n","protected":false},"author":1,"featured_media":1874,"comment_status":"closed","ping_status":"closed","template":"","meta":{"_et_pb_use_builder":"","_et_pb_old_content":"","_et_gb_content_width":"","_tribe_events_status":"","_tribe_events_status_reason":"","footnotes":""},"tags":[],"tribe_events_cat":[],"class_list":["post-2306","tribe_events","type-tribe_events","status-publish","has-post-thumbnail","hentry"],"acf":[],"yoast_head":"<!-- This site is optimized with the Yoast SEO plugin v27.1.1 - https:\/\/yoast.com\/product\/yoast-seo-wordpress\/ -->\n<title>AMPM2020 : Conf\u00e9rence sur la fabrication additive m\u00e9tallique | PRIMA Qu\u00e9bec<\/title>\n<meta name=\"robots\" content=\"index, follow, max-snippet:-1, max-image-preview:large, max-video-preview:-1\" \/>\n<link rel=\"canonical\" href=\"https:\/\/www.prima.ca\/en\/evenement\/ampm2020-conference-sur-la-fabrication-additive-metallique\/\" \/>\n<meta property=\"og:locale\" content=\"en_US\" \/>\n<meta property=\"og:type\" content=\"article\" \/>\n<meta property=\"og:title\" content=\"AMPM2020 : Conf\u00e9rence sur la fabrication additive m\u00e9tallique | PRIMA Qu\u00e9bec\" \/>\n<meta property=\"og:description\" content=\"La conf\u00e9rence qui aura lieu \u00e0 Montr\u00e9al du 27 juin au 1er juillet 2020 mettra de l\u2019avant des experts internationaux de l\u2019industrie qui pr\u00e9senteront les r\u00e9centes avanc\u00e9es dans ce domaine [&hellip;]\" \/>\n<meta property=\"og:url\" content=\"https:\/\/www.prima.ca\/en\/evenement\/ampm2020-conference-sur-la-fabrication-additive-metallique\/\" \/>\n<meta property=\"og:site_name\" content=\"PRIMA Qu\u00e9bec\" \/>\n<meta property=\"og:image\" content=\"https:\/\/www.prima.ca\/wp-content\/uploads\/2020\/03\/AMPM-Site-Banner.jpg\" \/>\n\t<meta property=\"og:image:width\" content=\"648\" \/>\n\t<meta property=\"og:image:height\" content=\"359\" \/>\n\t<meta property=\"og:image:type\" content=\"image\/jpeg\" \/>\n<meta name=\"twitter:card\" content=\"summary_large_image\" \/>\n<meta name=\"twitter:site\" content=\"@primaquebec\" \/>\n<script type=\"application\/ld+json\" class=\"yoast-schema-graph\">{\"@context\":\"https:\/\/schema.org\",\"@graph\":[{\"@type\":\"WebPage\",\"@id\":\"https:\/\/www.prima.ca\/en\/evenement\/ampm2020-conference-sur-la-fabrication-additive-metallique\/\",\"url\":\"https:\/\/www.prima.ca\/en\/evenement\/ampm2020-conference-sur-la-fabrication-additive-metallique\/\",\"name\":\"AMPM2020 : Conf\u00e9rence sur la fabrication additive m\u00e9tallique | PRIMA Qu\u00e9bec\",\"isPartOf\":{\"@id\":\"https:\/\/www.prima.ca\/en\/#website\"},\"primaryImageOfPage\":{\"@id\":\"https:\/\/www.prima.ca\/en\/evenement\/ampm2020-conference-sur-la-fabrication-additive-metallique\/#primaryimage\"},\"image\":{\"@id\":\"https:\/\/www.prima.ca\/en\/evenement\/ampm2020-conference-sur-la-fabrication-additive-metallique\/#primaryimage\"},\"thumbnailUrl\":\"https:\/\/www.prima.ca\/wp-content\/uploads\/2020\/03\/AMPM-Site-Banner.jpg\",\"datePublished\":\"2020-03-19T15:11:40+00:00\",\"breadcrumb\":{\"@id\":\"https:\/\/www.prima.ca\/en\/evenement\/ampm2020-conference-sur-la-fabrication-additive-metallique\/#breadcrumb\"},\"inLanguage\":\"en-US\",\"potentialAction\":[{\"@type\":\"ReadAction\",\"target\":[\"https:\/\/www.prima.ca\/en\/evenement\/ampm2020-conference-sur-la-fabrication-additive-metallique\/\"]}]},{\"@type\":\"ImageObject\",\"inLanguage\":\"en-US\",\"@id\":\"https:\/\/www.prima.ca\/en\/evenement\/ampm2020-conference-sur-la-fabrication-additive-metallique\/#primaryimage\",\"url\":\"https:\/\/www.prima.ca\/wp-content\/uploads\/2020\/03\/AMPM-Site-Banner.jpg\",\"contentUrl\":\"https:\/\/www.prima.ca\/wp-content\/uploads\/2020\/03\/AMPM-Site-Banner.jpg\",\"width\":648,\"height\":359},{\"@type\":\"BreadcrumbList\",\"@id\":\"https:\/\/www.prima.ca\/en\/evenement\/ampm2020-conference-sur-la-fabrication-additive-metallique\/#breadcrumb\",\"itemListElement\":[{\"@type\":\"ListItem\",\"position\":1,\"name\":\"Accueil\",\"item\":\"https:\/\/www.prima.ca\/en\/\"},{\"@type\":\"ListItem\",\"position\":2,\"name\":\"Events\",\"item\":\"https:\/\/www.prima.ca\/en\/evenements\/\"},{\"@type\":\"ListItem\",\"position\":3,\"name\":\"AMPM2020 : Conf\u00e9rence sur la fabrication additive m\u00e9tallique\"}]},{\"@type\":\"WebSite\",\"@id\":\"https:\/\/www.prima.ca\/en\/#website\",\"url\":\"https:\/\/www.prima.ca\/en\/\",\"name\":\"PRIMA Qu\u00e9bec\",\"description\":\"Advanced Materials Moving Forward\",\"publisher\":{\"@id\":\"https:\/\/www.prima.ca\/en\/#organization\"},\"potentialAction\":[{\"@type\":\"SearchAction\",\"target\":{\"@type\":\"EntryPoint\",\"urlTemplate\":\"https:\/\/www.prima.ca\/en\/?s={search_term_string}\"},\"query-input\":{\"@type\":\"PropertyValueSpecification\",\"valueRequired\":true,\"valueName\":\"search_term_string\"}}],\"inLanguage\":\"en-US\"},{\"@type\":\"Organization\",\"@id\":\"https:\/\/www.prima.ca\/en\/#organization\",\"name\":\"PRIMA Qu\u00e9bec\",\"url\":\"https:\/\/www.prima.ca\/en\/\",\"logo\":{\"@type\":\"ImageObject\",\"inLanguage\":\"en-US\",\"@id\":\"https:\/\/www.prima.ca\/en\/#\/schema\/logo\/image\/\",\"url\":\"https:\/\/www.prima.ca\/wp-content\/uploads\/2020\/03\/logo-prima-large-fr.png\",\"contentUrl\":\"https:\/\/www.prima.ca\/wp-content\/uploads\/2020\/03\/logo-prima-large-fr.png\",\"width\":1200,\"height\":357,\"caption\":\"PRIMA Qu\u00e9bec\"},\"image\":{\"@id\":\"https:\/\/www.prima.ca\/en\/#\/schema\/logo\/image\/\"},\"sameAs\":[\"https:\/\/x.com\/primaquebec\",\"https:\/\/www.linkedin.com\/company\/prima-quebec\/\"]}]}<\/script>\n<!-- \/ Yoast SEO plugin. -->","yoast_head_json":{"title":"AMPM2020 : Conf\u00e9rence sur la fabrication additive m\u00e9tallique | PRIMA Qu\u00e9bec","robots":{"index":"index","follow":"follow","max-snippet":"max-snippet:-1","max-image-preview":"max-image-preview:large","max-video-preview":"max-video-preview:-1"},"canonical":"https:\/\/www.prima.ca\/en\/evenement\/ampm2020-conference-sur-la-fabrication-additive-metallique\/","og_locale":"en_US","og_type":"article","og_title":"AMPM2020 : Conf\u00e9rence sur la fabrication additive m\u00e9tallique | PRIMA Qu\u00e9bec","og_description":"La conf\u00e9rence qui aura lieu \u00e0 Montr\u00e9al du 27 juin au 1er juillet 2020 mettra de l\u2019avant des experts internationaux de l\u2019industrie qui pr\u00e9senteront les r\u00e9centes avanc\u00e9es dans ce domaine [&hellip;]","og_url":"https:\/\/www.prima.ca\/en\/evenement\/ampm2020-conference-sur-la-fabrication-additive-metallique\/","og_site_name":"PRIMA Qu\u00e9bec","og_image":[{"width":648,"height":359,"url":"https:\/\/www.prima.ca\/wp-content\/uploads\/2020\/03\/AMPM-Site-Banner.jpg","type":"image\/jpeg"}],"twitter_card":"summary_large_image","twitter_site":"@primaquebec","schema":{"@context":"https:\/\/schema.org","@graph":[{"@type":"WebPage","@id":"https:\/\/www.prima.ca\/en\/evenement\/ampm2020-conference-sur-la-fabrication-additive-metallique\/","url":"https:\/\/www.prima.ca\/en\/evenement\/ampm2020-conference-sur-la-fabrication-additive-metallique\/","name":"AMPM2020 : Conf\u00e9rence sur la fabrication additive m\u00e9tallique | PRIMA Qu\u00e9bec","isPartOf":{"@id":"https:\/\/www.prima.ca\/en\/#website"},"primaryImageOfPage":{"@id":"https:\/\/www.prima.ca\/en\/evenement\/ampm2020-conference-sur-la-fabrication-additive-metallique\/#primaryimage"},"image":{"@id":"https:\/\/www.prima.ca\/en\/evenement\/ampm2020-conference-sur-la-fabrication-additive-metallique\/#primaryimage"},"thumbnailUrl":"https:\/\/www.prima.ca\/wp-content\/uploads\/2020\/03\/AMPM-Site-Banner.jpg","datePublished":"2020-03-19T15:11:40+00:00","breadcrumb":{"@id":"https:\/\/www.prima.ca\/en\/evenement\/ampm2020-conference-sur-la-fabrication-additive-metallique\/#breadcrumb"},"inLanguage":"en-US","potentialAction":[{"@type":"ReadAction","target":["https:\/\/www.prima.ca\/en\/evenement\/ampm2020-conference-sur-la-fabrication-additive-metallique\/"]}]},{"@type":"ImageObject","inLanguage":"en-US","@id":"https:\/\/www.prima.ca\/en\/evenement\/ampm2020-conference-sur-la-fabrication-additive-metallique\/#primaryimage","url":"https:\/\/www.prima.ca\/wp-content\/uploads\/2020\/03\/AMPM-Site-Banner.jpg","contentUrl":"https:\/\/www.prima.ca\/wp-content\/uploads\/2020\/03\/AMPM-Site-Banner.jpg","width":648,"height":359},{"@type":"BreadcrumbList","@id":"https:\/\/www.prima.ca\/en\/evenement\/ampm2020-conference-sur-la-fabrication-additive-metallique\/#breadcrumb","itemListElement":[{"@type":"ListItem","position":1,"name":"Accueil","item":"https:\/\/www.prima.ca\/en\/"},{"@type":"ListItem","position":2,"name":"Events","item":"https:\/\/www.prima.ca\/en\/evenements\/"},{"@type":"ListItem","position":3,"name":"AMPM2020 : Conf\u00e9rence sur la fabrication additive m\u00e9tallique"}]},{"@type":"WebSite","@id":"https:\/\/www.prima.ca\/en\/#website","url":"https:\/\/www.prima.ca\/en\/","name":"PRIMA Qu\u00e9bec","description":"Advanced Materials Moving Forward","publisher":{"@id":"https:\/\/www.prima.ca\/en\/#organization"},"potentialAction":[{"@type":"SearchAction","target":{"@type":"EntryPoint","urlTemplate":"https:\/\/www.prima.ca\/en\/?s={search_term_string}"},"query-input":{"@type":"PropertyValueSpecification","valueRequired":true,"valueName":"search_term_string"}}],"inLanguage":"en-US"},{"@type":"Organization","@id":"https:\/\/www.prima.ca\/en\/#organization","name":"PRIMA Qu\u00e9bec","url":"https:\/\/www.prima.ca\/en\/","logo":{"@type":"ImageObject","inLanguage":"en-US","@id":"https:\/\/www.prima.ca\/en\/#\/schema\/logo\/image\/","url":"https:\/\/www.prima.ca\/wp-content\/uploads\/2020\/03\/logo-prima-large-fr.png","contentUrl":"https:\/\/www.prima.ca\/wp-content\/uploads\/2020\/03\/logo-prima-large-fr.png","width":1200,"height":357,"caption":"PRIMA Qu\u00e9bec"},"image":{"@id":"https:\/\/www.prima.ca\/en\/#\/schema\/logo\/image\/"},"sameAs":["https:\/\/x.com\/primaquebec","https:\/\/www.linkedin.com\/company\/prima-quebec\/"]}]}},"_links":{"self":[{"href":"https:\/\/www.prima.ca\/en\/wp-json\/wp\/v2\/tribe_events\/2306","targetHints":{"allow":["GET"]}}],"collection":[{"href":"https:\/\/www.prima.ca\/en\/wp-json\/wp\/v2\/tribe_events"}],"about":[{"href":"https:\/\/www.prima.ca\/en\/wp-json\/wp\/v2\/types\/tribe_events"}],"author":[{"embeddable":true,"href":"https:\/\/www.prima.ca\/en\/wp-json\/wp\/v2\/users\/1"}],"replies":[{"embeddable":true,"href":"https:\/\/www.prima.ca\/en\/wp-json\/wp\/v2\/comments?post=2306"}],"version-history":[{"count":0,"href":"https:\/\/www.prima.ca\/en\/wp-json\/wp\/v2\/tribe_events\/2306\/revisions"}],"wp:featuredmedia":[{"embeddable":true,"href":"https:\/\/www.prima.ca\/en\/wp-json\/wp\/v2\/media\/1874"}],"wp:attachment":[{"href":"https:\/\/www.prima.ca\/en\/wp-json\/wp\/v2\/media?parent=2306"}],"wp:term":[{"taxonomy":"post_tag","embeddable":true,"href":"https:\/\/www.prima.ca\/en\/wp-json\/wp\/v2\/tags?post=2306"},{"taxonomy":"tribe_events_cat","embeddable":true,"href":"https:\/\/www.prima.ca\/en\/wp-json\/wp\/v2\/tribe_events_cat?post=2306"}],"curies":[{"name":"wp","href":"https:\/\/api.w.org\/{rel}","templated":true}]}}